{"id":336,"date":"2024-06-22T14:58:13","date_gmt":"2024-06-22T14:58:13","guid":{"rendered":"http:\/\/eiradohotel.pt\/?page_id=336"},"modified":"2024-06-26T18:01:11","modified_gmt":"2024-06-26T18:01:11","slug":"visitar","status":"publish","type":"page","link":"https:\/\/eiradohotel.pt\/?page_id=336","title":{"rendered":"Visitar"},"content":{"rendered":"<p>[et_pb_section fb_built=&#8221;1&#8243; custom_padding_last_edited=&#8221;on|tablet&#8221; admin_label=&#8221;Hero&#8221; _builder_version=&#8221;4.25.1&#8243; use_background_color_gradient=&#8221;on&#8221; background_color_gradient_stops=&#8221;rgba(27,31,37,0.2) 0%|#1b1f25 100%&#8221; background_color_gradient_overlays_image=&#8221;on&#8221; background_color_gradient_start=&#8221;rgba(27,31,37,0.2)&#8221; background_color_gradient_end=&#8221;#1b1f25&#8243; background_image=&#8221;http:\/\/eiradohotel.pt\/wp-content\/uploads\/2024\/06\/pedra-bela.jpg&#8221; custom_margin=&#8221;0px|||&#8221; custom_padding=&#8221;0px|10%|0px|10%|true|true&#8221; custom_padding_tablet=&#8221;|30px||30px||true&#8221; custom_padding_phone=&#8221;|||||true&#8221; locked=&#8221;off&#8221; global_colors_info=&#8221;{}&#8221;][et_pb_row column_structure=&#8221;2_3,1_3&#8243; padding_top_bottom_link_1=&#8221;true&#8221; padding_left_right_link_1=&#8221;true&#8221; _builder_version=&#8221;4.25.1&#8243; background_size=&#8221;initial&#8221; background_position=&#8221;top_left&#8221; width=&#8221;100%&#8221; max_width=&#8221;100%&#8221; custom_margin=&#8221;|||&#8221; custom_padding=&#8221;0||0px||false|false&#8221; use_custom_width=&#8221;on&#8221; width_unit=&#8221;off&#8221; custom_width_percent=&#8221;100%&#8221; global_colors_info=&#8221;{}&#8221;][et_pb_column type=&#8221;2_3&#8243; _builder_version=&#8221;4.16&#8243; use_background_color_gradient=&#8221;on&#8221; background_color_gradient_stops=&#8221;rgba(0,0,0,0.33) 0%|rgba(255,255,255,0) 100%&#8221; background_color_gradient_start=&#8221;rgba(0,0,0,0.33)&#8221; background_color_gradient_end=&#8221;rgba(255,255,255,0)&#8221; custom_padding=&#8221;12vw|40px|12vw|40px&#8221; custom_padding_tablet=&#8221;|||&#8221; custom_padding_phone=&#8221;|10px||10px||true&#8221; custom_padding_last_edited=&#8221;on|desktop&#8221; global_colors_info=&#8221;{}&#8221; padding_phone=&#8221;|10px||10px||true&#8221; padding_tablet=&#8221;|||&#8221; padding_last_edited=&#8221;on|desktop&#8221; custom_padding__hover=&#8221;|||&#8221;][et_pb_text _builder_version=&#8221;4.25.1&#8243; text_font=&#8221;Lato||||||||&#8221; text_font_size=&#8221;20px&#8221; text_line_height=&#8221;1.8em&#8221; header_font=&#8221;Teko|500||on|||||&#8221; header_font_size=&#8221;9vw&#8221; header_letter_spacing=&#8221;0.05em&#8221; header_line_height=&#8221;0.9em&#8221; background_layout=&#8221;dark&#8221; custom_margin=&#8221;|-10vw|0px|&#8221; custom_margin_tablet=&#8221;|0vw||&#8221; custom_margin_phone=&#8221;|-5vw||&#8221; custom_margin_last_edited=&#8221;on|tablet&#8221; animation_style=&#8221;zoom&#8221; animation_delay=&#8221;100ms&#8221; animation_intensity_zoom=&#8221;10%&#8221; header_font_size_tablet=&#8221;&#8221; header_font_size_phone=&#8221;&#8221; header_font_size_last_edited=&#8221;on|phone&#8221; header_line_height_tablet=&#8221;&#8221; header_line_height_phone=&#8221;1.2em&#8221; header_line_height_last_edited=&#8221;on|phone&#8221; header_text_shadow_style=&#8221;preset1&#8243; header_text_shadow_vertical_length=&#8221;0.18em&#8221; header_text_shadow_blur_strength=&#8221;0.27em&#8221; header_text_shadow_color=&#8221;rgba(0,0,0,0.38)&#8221; global_colors_info=&#8221;{}&#8221;]<\/p>\n<h1>Para visitar<\/h1>\n<p>[\/et_pb_text][et_pb_text _builder_version=&#8221;4.25.1&#8243; text_font=&#8221;Lato||||||||&#8221; text_font_size=&#8221;20px&#8221; text_line_height=&#8221;1.8em&#8221; header_font=&#8221;||||||||&#8221; background_layout=&#8221;dark&#8221; custom_margin=&#8221;|-26vw||10vw||&#8221; custom_margin_tablet=&#8221;|0vw||0px&#8221; custom_margin_phone=&#8221;&#8221; custom_margin_last_edited=&#8221;on|desktop&#8221; custom_padding=&#8221;|||0px||&#8221; animation_style=&#8221;slide&#8221; animation_direction=&#8221;left&#8221; animation_intensity_slide=&#8221;10%&#8221; locked=&#8221;off&#8221; global_colors_info=&#8221;{}&#8221;]<\/p>\n<p>Explore as maravilhas que rodeiam o Eirado Hotel em Amares e o Parque Nacional Peneda-Ger\u00eas. Descubra a hist\u00f3ria no Mosteiro de Santo Andr\u00e9 de Rendufe e no Santu\u00e1rio da Nossa Senhora da Abadia. Relaxe nas Termas de Caldelas e aventure-se na beleza natural do Ger\u00eas com a Cascata do Arado, Mata da Albergaria, e o Miradouro da Pedra Bela. Visite o castelo de Lindoso e as ru\u00ednas de Vilarinho das Furnas para uma experi\u00eancia inesquec\u00edvel.<\/p>\n<p>[\/et_pb_text][et_pb_button button_url=&#8221;https:\/\/web.ynnovbooking.com\/?l=pt&#038;apikey=uH2oflH7DULaqKC6WAkLfghXE7K9hrYi&#8221; button_text=&#8221;Reservar&#8221; button_alignment=&#8221;right&#8221; _builder_version=&#8221;4.25.1&#8243; custom_button=&#8221;on&#8221; button_bg_color=&#8221;#E09900&#8243; button_border_width=&#8221;12px&#8221; button_border_color=&#8221;#E09900&#8243; button_border_radius=&#8221;0px&#8221; button_letter_spacing=&#8221;4px&#8221; button_font=&#8221;Teko|700||on|||||&#8221; button_icon=&#8221;&#x24;||divi||400&#8243; background_layout=&#8221;dark&#8221; custom_margin=&#8221;|||&#8221; animation_style=&#8221;slide&#8221; animation_direction=&#8221;left&#8221; animation_delay=&#8221;100ms&#8221; animation_intensity_slide=&#8221;20%&#8221; locked=&#8221;off&#8221; global_colors_info=&#8221;{}&#8221; button_text_size__hover_enabled=&#8221;off&#8221; button_one_text_size__hover_enabled=&#8221;off&#8221; button_two_text_size__hover_enabled=&#8221;off&#8221; button_text_color__hover_enabled=&#8221;off&#8221; button_one_text_color__hover_enabled=&#8221;off&#8221; button_two_text_color__hover_enabled=&#8221;off&#8221; button_border_width__hover_enabled=&#8221;off&#8221; button_one_border_width__hover_enabled=&#8221;off&#8221; button_two_border_width__hover_enabled=&#8221;off&#8221; button_border_color__hover_enabled=&#8221;off&#8221; button_one_border_color__hover_enabled=&#8221;off&#8221; button_two_border_color__hover_enabled=&#8221;off&#8221; button_border_radius__hover_enabled=&#8221;off&#8221; button_one_border_radius__hover_enabled=&#8221;off&#8221; button_two_border_radius__hover_enabled=&#8221;off&#8221; button_letter_spacing__hover_enabled=&#8221;off&#8221; button_one_letter_spacing__hover_enabled=&#8221;off&#8221; button_two_letter_spacing__hover_enabled=&#8221;off&#8221; button_bg_color__hover_enabled=&#8221;off&#8221; button_one_bg_color__hover_enabled=&#8221;off&#8221; button_two_bg_color__hover_enabled=&#8221;off&#8221;][\/et_pb_button][\/et_pb_column][et_pb_column type=&#8221;1_3&#8243; _builder_version=&#8221;4.16&#8243; custom_padding=&#8221;|||&#8221; global_colors_info=&#8221;{}&#8221; custom_padding__hover=&#8221;|||&#8221;][\/et_pb_column][\/et_pb_row][\/et_pb_section][et_pb_section fb_built=&#8221;1&#8243; _builder_version=&#8221;4.25.1&#8243; _module_preset=&#8221;default&#8221; global_colors_info=&#8221;{}&#8221;][et_pb_row _builder_version=&#8221;4.25.1&#8243; _module_preset=&#8221;default&#8221; global_colors_info=&#8221;{}&#8221;][et_pb_column type=&#8221;4_4&#8243; _builder_version=&#8221;4.25.1&#8243; _module_preset=&#8221;default&#8221; global_colors_info=&#8221;{}&#8221;][et_pb_text _builder_version=&#8221;4.25.1&#8243; _module_preset=&#8221;default&#8221; global_colors_info=&#8221;{}&#8221;]<\/p>\n<h1><strong>Visitar em Amares<\/strong><\/h1>\n<p>[\/et_pb_text][\/et_pb_column][\/et_pb_row][\/et_pb_section][et_pb_section fb_built=&#8221;1&#8243; admin_label=&#8221;Listings&#8221; _builder_version=&#8221;4.16&#8243; custom_padding=&#8221;80px|0px|80px|0px|true|false&#8221; global_colors_info=&#8221;{}&#8221;][et_pb_row column_structure=&#8221;2_3,1_3&#8243; _builder_version=&#8221;4.25.1&#8243; use_background_color_gradient=&#8221;on&#8221; background_color_gradient_stops=&#8221;#ffffff 0%|#f7f7f7 100%&#8221; background_color_gradient_start=&#8221;#ffffff&#8221; background_color_gradient_end=&#8221;#f7f7f7&#8243; custom_margin=&#8221;||40px|&#8221; custom_padding=&#8221;27px|0px|0|0px|false|false&#8221; global_colors_info=&#8221;{}&#8221;][et_pb_column type=&#8221;2_3&#8243; _builder_version=&#8221;4.25.1&#8243; custom_padding=&#8221;|||&#8221; global_colors_info=&#8221;{}&#8221; custom_padding__hover=&#8221;|||&#8221;][et_pb_image src=&#8221;http:\/\/eiradohotel.pt\/wp-content\/uploads\/2024\/06\/Imagem-WhatsApp-2024-06-22-as-17.57.07_4f6e4c8d-1024&#215;683.jpg&#8221; alt=&#8221;Mosteiro de Santo Andr\u00e9 de Rendufe&#8221; title_text=&#8221;Mosteiro de Santo Andr\u00e9 de Rendufe&#8221; show_in_lightbox=&#8221;on&#8221; use_overlay=&#8221;on&#8221; overlay_icon_color=&#8221;#c10f1b&#8221; hover_overlay_color=&#8221;rgba(0,0,0,0.3)&#8221; align_tablet=&#8221;center&#8221; align_phone=&#8221;center&#8221; align_last_edited=&#8221;on|desktop&#8221; _builder_version=&#8221;4.25.1&#8243; width=&#8221;81%&#8221; custom_margin=&#8221;||0px|&#8221; global_colors_info=&#8221;{}&#8221;][\/et_pb_image][\/et_pb_column][et_pb_column type=&#8221;1_3&#8243; _builder_version=&#8221;4.16&#8243; custom_padding=&#8221;|||&#8221; global_colors_info=&#8221;{}&#8221; custom_padding__hover=&#8221;|||&#8221;][et_pb_text ul_type=&#8221;square&#8221; admin_label=&#8221;Title&#8221; _builder_version=&#8221;4.25.1&#8243; text_font=&#8221;Open Sans||||||||&#8221; text_font_size=&#8221;16px&#8221; text_letter_spacing=&#8221;3px&#8221; text_line_height=&#8221;2em&#8221; ul_font=&#8221;||||||||&#8221; header_font=&#8221;||||||||&#8221; header_3_font=&#8221;Teko|500|||||||&#8221; header_3_font_size=&#8221;26px&#8221; header_3_line_height=&#8221;1.2em&#8221; header_4_font=&#8221;||||||||&#8221; width=&#8221;100%&#8221; max_width=&#8221;100%&#8221; min_height=&#8221;1000px&#8221; height=&#8221;1000px&#8221; max_height=&#8221;1000px&#8221; custom_margin=&#8221;||-615px|||&#8221; custom_padding=&#8221;|0px|0px|||&#8221; locked=&#8221;off&#8221; global_colors_info=&#8221;{}&#8221;]<\/p>\n<p style=\"text-align: justify;\">O Mosteiro de Santo Andr\u00e9 de Rendufe, fundado no s\u00e9culo XI, \u00e9 um antigo mosteiro beneditino com not\u00e1vel arquitetura barroca. Com belas fachadas e um ambiente sereno, \u00e9 um ponto de interesse hist\u00f3rico e cultural em Amares.<\/p>\n<p>[\/et_pb_text][et_pb_button _builder_version=&#8221;4.16&#8243; custom_button=&#8221;on&#8221; button_text_size=&#8221;14px&#8221; button_text_color=&#8221;#000000&#8243; button_border_width=&#8221;3px&#8221; button_border_color=&#8221;#f4f4f4&#8243; button_border_radius=&#8221;0px&#8221; button_letter_spacing=&#8221;4px&#8221; button_font=&#8221;Teko|||on|||||&#8221; button_icon=&#8221;&#x24;||divi||400&#8243; background_layout=&#8221;dark&#8221; custom_margin=&#8221;|||&#8221; animation_style=&#8221;slide&#8221; animation_direction=&#8221;left&#8221; animation_delay=&#8221;100ms&#8221; animation_intensity_slide=&#8221;20%&#8221; locked=&#8221;off&#8221; global_colors_info=&#8221;{}&#8221; button_text_size__hover_enabled=&#8221;off&#8221; button_one_text_size__hover_enabled=&#8221;off&#8221; button_two_text_size__hover_enabled=&#8221;off&#8221; button_text_color__hover_enabled=&#8221;off&#8221; button_one_text_color__hover_enabled=&#8221;off&#8221; button_two_text_color__hover_enabled=&#8221;off&#8221; button_border_width__hover_enabled=&#8221;off&#8221; button_one_border_width__hover_enabled=&#8221;off&#8221; button_two_border_width__hover_enabled=&#8221;off&#8221; button_border_color__hover_enabled=&#8221;off&#8221; button_one_border_color__hover_enabled=&#8221;off&#8221; button_two_border_color__hover_enabled=&#8221;off&#8221; button_border_radius__hover_enabled=&#8221;off&#8221; button_one_border_radius__hover_enabled=&#8221;off&#8221; button_two_border_radius__hover_enabled=&#8221;off&#8221; button_letter_spacing__hover_enabled=&#8221;off&#8221; button_one_letter_spacing__hover_enabled=&#8221;off&#8221; button_two_letter_spacing__hover_enabled=&#8221;off&#8221; button_bg_color__hover_enabled=&#8221;off&#8221; button_one_bg_color__hover_enabled=&#8221;off&#8221; button_two_bg_color__hover_enabled=&#8221;off&#8221;][\/et_pb_button][\/et_pb_column][\/et_pb_row][et_pb_row column_structure=&#8221;2_3,1_3&#8243; _builder_version=&#8221;4.25.1&#8243; use_background_color_gradient=&#8221;on&#8221; background_color_gradient_stops=&#8221;#ffffff 0%|#f7f7f7 100%&#8221; background_color_gradient_start=&#8221;#ffffff&#8221; background_color_gradient_end=&#8221;#f7f7f7&#8243; custom_margin=&#8221;||40px|&#8221; custom_padding=&#8221;27px|0px|0|0px|false|false&#8221; global_colors_info=&#8221;{}&#8221;][et_pb_column type=&#8221;2_3&#8243; _builder_version=&#8221;4.25.1&#8243; custom_padding=&#8221;|||&#8221; global_colors_info=&#8221;{}&#8221; custom_padding__hover=&#8221;|||&#8221;][et_pb_image src=&#8221;http:\/\/eiradohotel.pt\/wp-content\/uploads\/2024\/06\/abadia.jpg&#8221; alt=&#8221;Santu\u00e1rio da Nossa Senhora da Abadia&#8221; title_text=&#8221;Santu\u00e1rio da Nossa Senhora da Abadia&#8221; show_in_lightbox=&#8221;on&#8221; use_overlay=&#8221;on&#8221; overlay_icon_color=&#8221;#c10f1b&#8221; hover_overlay_color=&#8221;rgba(0,0,0,0.3)&#8221; align_tablet=&#8221;center&#8221; align_phone=&#8221;center&#8221; align_last_edited=&#8221;on|desktop&#8221; _builder_version=&#8221;4.25.1&#8243; width=&#8221;81%&#8221; custom_margin=&#8221;||0px|&#8221; global_colors_info=&#8221;{}&#8221;][\/et_pb_image][\/et_pb_column][et_pb_column type=&#8221;1_3&#8243; _builder_version=&#8221;4.16&#8243; custom_padding=&#8221;|||&#8221; global_colors_info=&#8221;{}&#8221; custom_padding__hover=&#8221;|||&#8221;][et_pb_text ul_type=&#8221;square&#8221; admin_label=&#8221;Title&#8221; _builder_version=&#8221;4.25.1&#8243; text_font=&#8221;Open Sans||||||||&#8221; text_font_size=&#8221;16px&#8221; text_letter_spacing=&#8221;3px&#8221; text_line_height=&#8221;2em&#8221; ul_font=&#8221;||||||||&#8221; header_font=&#8221;||||||||&#8221; header_3_font=&#8221;Teko|500|||||||&#8221; header_3_font_size=&#8221;26px&#8221; header_3_line_height=&#8221;1.2em&#8221; header_4_font=&#8221;||||||||&#8221; width=&#8221;100%&#8221; custom_margin=&#8221;|-178px|0px|||&#8221; custom_padding=&#8221;|0px||||&#8221; locked=&#8221;off&#8221; global_colors_info=&#8221;{}&#8221;]<\/p>\n<p style=\"text-align: justify;\">O Santu\u00e1rio da Nossa Senhora da Abadia, datado do s\u00e9culo VII, \u00e9 um local de peregrina\u00e7\u00e3o situado numa zona montanhosa. Oferece uma experi\u00eancia espiritual \u00fanica e a oportunidade de explorar trilhos e paisagens naturais deslumbrantes.<\/p>\n<p>[\/et_pb_text][\/et_pb_column][\/et_pb_row][et_pb_row column_structure=&#8221;2_3,1_3&#8243; _builder_version=&#8221;4.25.1&#8243; use_background_color_gradient=&#8221;on&#8221; background_color_gradient_stops=&#8221;#ffffff 0%|#f7f7f7 100%&#8221; background_color_gradient_start=&#8221;#ffffff&#8221; background_color_gradient_end=&#8221;#f7f7f7&#8243; custom_margin=&#8221;||40px|&#8221; custom_padding=&#8221;27px|0px|0|0px|false|false&#8221; global_colors_info=&#8221;{}&#8221;][et_pb_column type=&#8221;2_3&#8243; _builder_version=&#8221;4.25.1&#8243; custom_padding=&#8221;|||&#8221; global_colors_info=&#8221;{}&#8221; custom_padding__hover=&#8221;|||&#8221;][et_pb_image src=&#8221;http:\/\/eiradohotel.pt\/wp-content\/uploads\/2024\/06\/termas-de-caldelas1.jpg&#8221; alt=&#8221;Termas de Caldelas&#8221; title_text=&#8221;Termas de Caldelas&#8221; show_in_lightbox=&#8221;on&#8221; use_overlay=&#8221;on&#8221; overlay_icon_color=&#8221;#c10f1b&#8221; hover_overlay_color=&#8221;rgba(0,0,0,0.3)&#8221; align_tablet=&#8221;center&#8221; align_phone=&#8221;center&#8221; align_last_edited=&#8221;on|desktop&#8221; _builder_version=&#8221;4.25.1&#8243; width=&#8221;83%&#8221; custom_margin=&#8221;||0px|&#8221; global_colors_info=&#8221;{}&#8221;][\/et_pb_image][\/et_pb_column][et_pb_column type=&#8221;1_3&#8243; _builder_version=&#8221;4.16&#8243; custom_padding=&#8221;|||&#8221; global_colors_info=&#8221;{}&#8221; custom_padding__hover=&#8221;|||&#8221;][et_pb_text ul_type=&#8221;square&#8221; admin_label=&#8221;Title&#8221; _builder_version=&#8221;4.25.1&#8243; text_font=&#8221;Open Sans||||||||&#8221; text_font_size=&#8221;16px&#8221; text_letter_spacing=&#8221;3px&#8221; text_line_height=&#8221;2em&#8221; ul_font=&#8221;||||||||&#8221; header_font=&#8221;||||||||&#8221; header_3_font=&#8221;Teko|500|||||||&#8221; header_3_font_size=&#8221;26px&#8221; header_3_line_height=&#8221;1.2em&#8221; header_4_font=&#8221;||||||||&#8221; width=&#8221;100%&#8221; custom_margin=&#8221;|-178px|0px|||&#8221; custom_padding=&#8221;|0px||||&#8221; locked=&#8221;off&#8221; global_colors_info=&#8221;{}&#8221;]<\/p>\n<p style=\"text-align: justify;\">As Termas de Caldelas s\u00e3o famosas pelas suas \u00e1guas termais<br \/>terap\u00eauticas. Estas termas, situadas numa paisagem buc\u00f3lica, proporcionam<br \/>tratamentos relaxantes e de bem-estar, sendo o lugar ideal para quem procura<br \/>relaxar e cuidar da sa\u00fade no meio \u00e0 natureza.<\/p>\n<p>[\/et_pb_text][\/et_pb_column][\/et_pb_row][\/et_pb_section][et_pb_section fb_built=&#8221;1&#8243; _builder_version=&#8221;4.25.1&#8243; _module_preset=&#8221;default&#8221; global_colors_info=&#8221;{}&#8221;][et_pb_row _builder_version=&#8221;4.25.1&#8243; _module_preset=&#8221;default&#8221; global_colors_info=&#8221;{}&#8221;][et_pb_column type=&#8221;4_4&#8243; _builder_version=&#8221;4.25.1&#8243; _module_preset=&#8221;default&#8221; global_colors_info=&#8221;{}&#8221;][et_pb_text _builder_version=&#8221;4.25.1&#8243; _module_preset=&#8221;default&#8221; global_colors_info=&#8221;{}&#8221;]<\/p>\n<h1><strong>Visitar em Braga<\/strong><\/h1>\n<p>[\/et_pb_text][\/et_pb_column][\/et_pb_row][et_pb_row column_structure=&#8221;2_3,1_3&#8243; _builder_version=&#8221;4.25.1&#8243; use_background_color_gradient=&#8221;on&#8221; background_color_gradient_stops=&#8221;#ffffff 0%|#f7f7f7 100%&#8221; background_color_gradient_start=&#8221;#ffffff&#8221; background_color_gradient_end=&#8221;#f7f7f7&#8243; custom_margin=&#8221;||40px|&#8221; custom_padding=&#8221;27px|0px|0|0px|false|false&#8221; global_colors_info=&#8221;{}&#8221;][et_pb_column type=&#8221;2_3&#8243; _builder_version=&#8221;4.25.1&#8243; custom_padding=&#8221;|||&#8221; global_colors_info=&#8221;{}&#8221; custom_padding__hover=&#8221;|||&#8221;][et_pb_image src=&#8221;http:\/\/eiradohotel.pt\/wp-content\/uploads\/2024\/06\/jardim-santa-barbara.jpg&#8221; alt=&#8221;Jardim de Santa B\u00e1rbara&#8221; title_text=&#8221;Jardim de Santa B\u00e1rbara&#8221; show_in_lightbox=&#8221;on&#8221; use_overlay=&#8221;on&#8221; overlay_icon_color=&#8221;#c10f1b&#8221; hover_overlay_color=&#8221;rgba(0,0,0,0.3)&#8221; align_tablet=&#8221;center&#8221; align_phone=&#8221;center&#8221; align_last_edited=&#8221;on|desktop&#8221; _builder_version=&#8221;4.25.1&#8243; width=&#8221;81%&#8221; custom_margin=&#8221;||0px|&#8221; global_colors_info=&#8221;{}&#8221;][\/et_pb_image][\/et_pb_column][et_pb_column type=&#8221;1_3&#8243; _builder_version=&#8221;4.16&#8243; custom_padding=&#8221;|||&#8221; global_colors_info=&#8221;{}&#8221; custom_padding__hover=&#8221;|||&#8221;][et_pb_text ul_type=&#8221;square&#8221; admin_label=&#8221;Title&#8221; _builder_version=&#8221;4.25.1&#8243; text_font=&#8221;Open Sans||||||||&#8221; text_font_size=&#8221;16px&#8221; text_letter_spacing=&#8221;3px&#8221; text_line_height=&#8221;2em&#8221; ul_font=&#8221;||||||||&#8221; header_font=&#8221;||||||||&#8221; header_3_font=&#8221;Teko|500|||||||&#8221; header_3_font_size=&#8221;26px&#8221; header_3_line_height=&#8221;1.2em&#8221; header_4_font=&#8221;||||||||&#8221; width=&#8221;100%&#8221; custom_margin=&#8221;|-178px|0px|||&#8221; custom_padding=&#8221;|0px||||&#8221; locked=&#8221;off&#8221; global_colors_info=&#8221;{}&#8221;]<\/p>\n<p style=\"text-align: justify;\">\u00c9 um dos espa\u00e7os verdes mais encantadores de Braga, localizado junto ao Pal\u00e1cio Episcopal. Este jardim p\u00fablico destaca-se pela sua beleza ornamental e design sim\u00e9trico, com uma rica variedade de flores e plantas meticulosamente cuidadas.<\/p>\n<p>[\/et_pb_text][\/et_pb_column][\/et_pb_row][et_pb_row column_structure=&#8221;2_3,1_3&#8243; _builder_version=&#8221;4.25.1&#8243; use_background_color_gradient=&#8221;on&#8221; background_color_gradient_stops=&#8221;#ffffff 0%|#f7f7f7 100%&#8221; background_color_gradient_start=&#8221;#ffffff&#8221; background_color_gradient_end=&#8221;#f7f7f7&#8243; custom_margin=&#8221;||40px|&#8221; custom_padding=&#8221;27px|0px|0|0px|false|false&#8221; global_colors_info=&#8221;{}&#8221;][et_pb_column type=&#8221;2_3&#8243; _builder_version=&#8221;4.25.1&#8243; custom_padding=&#8221;|||&#8221; global_colors_info=&#8221;{}&#8221; custom_padding__hover=&#8221;|||&#8221;][et_pb_image src=&#8221;http:\/\/eiradohotel.pt\/wp-content\/uploads\/2024\/06\/se-de-bragas.jpg&#8221; alt=&#8221;S\u00e9 de Braga&#8221; title_text=&#8221;S\u00e9 de Braga&#8221; show_in_lightbox=&#8221;on&#8221; use_overlay=&#8221;on&#8221; overlay_icon_color=&#8221;#c10f1b&#8221; hover_overlay_color=&#8221;rgba(0,0,0,0.3)&#8221; align_tablet=&#8221;center&#8221; align_phone=&#8221;center&#8221; align_last_edited=&#8221;on|desktop&#8221; _builder_version=&#8221;4.25.1&#8243; width=&#8221;81%&#8221; custom_margin=&#8221;||0px|&#8221; global_colors_info=&#8221;{}&#8221;][\/et_pb_image][\/et_pb_column][et_pb_column type=&#8221;1_3&#8243; _builder_version=&#8221;4.16&#8243; custom_padding=&#8221;|||&#8221; global_colors_info=&#8221;{}&#8221; custom_padding__hover=&#8221;|||&#8221;][et_pb_text ul_type=&#8221;square&#8221; admin_label=&#8221;Title&#8221; _builder_version=&#8221;4.25.1&#8243; text_font=&#8221;Open Sans||||||||&#8221; text_font_size=&#8221;16px&#8221; text_letter_spacing=&#8221;3px&#8221; text_line_height=&#8221;2em&#8221; ul_font=&#8221;||||||||&#8221; header_font=&#8221;||||||||&#8221; header_3_font=&#8221;Teko|500|||||||&#8221; header_3_font_size=&#8221;26px&#8221; header_3_line_height=&#8221;1.2em&#8221; header_4_font=&#8221;||||||||&#8221; width=&#8221;100%&#8221; custom_margin=&#8221;|-178px|0px|||&#8221; custom_padding=&#8221;|0px||||&#8221; locked=&#8221;off&#8221; global_colors_info=&#8221;{}&#8221;]<\/p>\n<p style=\"text-align: justify;\">\u00c9 uma das mais antigas e importantes catedrais de Portugal, com uma hist\u00f3ria que remonta ao s\u00e9culo XI. Este majestoso edif\u00edcio \u00e9 um marco significativo na arquitetura religiosa do pa\u00eds, combinando estilos rom\u00e2nico, g\u00f3tico e barroco.<\/p>\n<p>[\/et_pb_text][\/et_pb_column][\/et_pb_row][et_pb_row column_structure=&#8221;2_3,1_3&#8243; _builder_version=&#8221;4.25.1&#8243; use_background_color_gradient=&#8221;on&#8221; background_color_gradient_stops=&#8221;#ffffff 0%|#f7f7f7 100%&#8221; background_color_gradient_start=&#8221;#ffffff&#8221; background_color_gradient_end=&#8221;#f7f7f7&#8243; custom_margin=&#8221;||40px|&#8221; custom_padding=&#8221;27px|0px|0|0px|false|false&#8221; global_colors_info=&#8221;{}&#8221;][et_pb_column type=&#8221;2_3&#8243; _builder_version=&#8221;4.25.1&#8243; custom_padding=&#8221;|||&#8221; global_colors_info=&#8221;{}&#8221; custom_padding__hover=&#8221;|||&#8221;][et_pb_image src=&#8221;http:\/\/eiradohotel.pt\/wp-content\/uploads\/2024\/06\/santuario-bom-jesus.jpg&#8221; alt=&#8221;Santu\u00e1rio do Bom Jesus do Monte&#8221; title_text=&#8221;Santu\u00e1rio do Bom Jesus do Monte&#8221; show_in_lightbox=&#8221;on&#8221; use_overlay=&#8221;on&#8221; overlay_icon_color=&#8221;#c10f1b&#8221; hover_overlay_color=&#8221;rgba(0,0,0,0.3)&#8221; align_tablet=&#8221;center&#8221; align_phone=&#8221;center&#8221; align_last_edited=&#8221;on|desktop&#8221; _builder_version=&#8221;4.25.1&#8243; width=&#8221;81%&#8221; custom_margin=&#8221;||0px|&#8221; global_colors_info=&#8221;{}&#8221;][\/et_pb_image][\/et_pb_column][et_pb_column type=&#8221;1_3&#8243; _builder_version=&#8221;4.16&#8243; custom_padding=&#8221;|||&#8221; global_colors_info=&#8221;{}&#8221; custom_padding__hover=&#8221;|||&#8221;][et_pb_text ul_type=&#8221;square&#8221; admin_label=&#8221;Title&#8221; _builder_version=&#8221;4.25.1&#8243; text_font=&#8221;Open Sans||||||||&#8221; text_font_size=&#8221;16px&#8221; text_letter_spacing=&#8221;3px&#8221; text_line_height=&#8221;2em&#8221; ul_font=&#8221;||||||||&#8221; header_font=&#8221;||||||||&#8221; header_3_font=&#8221;Teko|500|||||||&#8221; header_3_font_size=&#8221;26px&#8221; header_3_line_height=&#8221;1.2em&#8221; header_4_font=&#8221;||||||||&#8221; width=&#8221;100%&#8221; custom_margin=&#8221;|-178px|0px|||&#8221; custom_padding=&#8221;|0px||||&#8221; locked=&#8221;off&#8221; global_colors_info=&#8221;{}&#8221;]<\/p>\n<p style=\"text-align: justify;\">Patrim\u00f3nio Mundial da Humanidade, \u00e9 um dos locais de peregrina\u00e7\u00e3o mais importantes de Portugal, situado numa colina a leste de Braga. Este santu\u00e1rio \u00e9 famoso pela sua monumental escadaria barroca, que conta com 573 degraus que os fi\u00e9is sobem em penit\u00eancia.<\/p>\n<p>[\/et_pb_text][\/et_pb_column][\/et_pb_row][\/et_pb_section][et_pb_section fb_built=&#8221;1&#8243; _builder_version=&#8221;4.25.1&#8243; _module_preset=&#8221;default&#8221; global_colors_info=&#8221;{}&#8221;][et_pb_row _builder_version=&#8221;4.25.1&#8243; _module_preset=&#8221;default&#8221; global_colors_info=&#8221;{}&#8221;][et_pb_column type=&#8221;4_4&#8243; _builder_version=&#8221;4.25.1&#8243; _module_preset=&#8221;default&#8221; global_colors_info=&#8221;{}&#8221;][et_pb_text _builder_version=&#8221;4.25.1&#8243; _module_preset=&#8221;default&#8221; global_colors_info=&#8221;{}&#8221;]<\/p>\n<h1><strong>Visitar no Parque Nacional Peneda G\u00eares<\/strong><\/h1>\n<p>[\/et_pb_text][\/et_pb_column][\/et_pb_row][et_pb_row column_structure=&#8221;2_3,1_3&#8243; _builder_version=&#8221;4.25.1&#8243; use_background_color_gradient=&#8221;on&#8221; background_color_gradient_stops=&#8221;#ffffff 0%|#f7f7f7 100%&#8221; background_color_gradient_start=&#8221;#ffffff&#8221; background_color_gradient_end=&#8221;#f7f7f7&#8243; custom_margin=&#8221;||40px|&#8221; custom_padding=&#8221;27px|0px|0|0px|false|false&#8221; global_colors_info=&#8221;{}&#8221;][et_pb_column type=&#8221;2_3&#8243; _builder_version=&#8221;4.25.1&#8243; custom_padding=&#8221;|||&#8221; global_colors_info=&#8221;{}&#8221; custom_padding__hover=&#8221;|||&#8221;][et_pb_image src=&#8221;http:\/\/eiradohotel.pt\/wp-content\/uploads\/2024\/06\/casacata-arado.jpg&#8221; alt=&#8221;Cascata do Arado&#8221; title_text=&#8221;Cascata do Arado&#8221; show_in_lightbox=&#8221;on&#8221; use_overlay=&#8221;on&#8221; overlay_icon_color=&#8221;#c10f1b&#8221; hover_overlay_color=&#8221;rgba(0,0,0,0.3)&#8221; align_tablet=&#8221;center&#8221; align_phone=&#8221;center&#8221; align_last_edited=&#8221;on|desktop&#8221; _builder_version=&#8221;4.25.1&#8243; width=&#8221;81%&#8221; custom_margin=&#8221;||0px|&#8221; global_colors_info=&#8221;{}&#8221;][\/et_pb_image][\/et_pb_column][et_pb_column type=&#8221;1_3&#8243; _builder_version=&#8221;4.16&#8243; custom_padding=&#8221;|||&#8221; global_colors_info=&#8221;{}&#8221; custom_padding__hover=&#8221;|||&#8221;][et_pb_text ul_type=&#8221;square&#8221; admin_label=&#8221;Title&#8221; _builder_version=&#8221;4.25.1&#8243; text_font=&#8221;Open Sans||||||||&#8221; text_font_size=&#8221;16px&#8221; text_letter_spacing=&#8221;3px&#8221; text_line_height=&#8221;2em&#8221; ul_font=&#8221;||||||||&#8221; header_font=&#8221;||||||||&#8221; header_3_font=&#8221;Teko|500|||||||&#8221; header_3_font_size=&#8221;26px&#8221; header_3_line_height=&#8221;1.2em&#8221; header_4_font=&#8221;||||||||&#8221; width=&#8221;100%&#8221; custom_margin=&#8221;|-178px|0px|||&#8221; custom_padding=&#8221;|0px||||&#8221; locked=&#8221;off&#8221; global_colors_info=&#8221;{}&#8221;]<\/p>\n<p style=\"text-align: justify;\">A Cascata do Arado \u00e9 uma das mais belas quedas de \u00e1gua do Parque Nacional Peneda-Ger\u00eas. Localizada no meio de uma paisagem verdejante e rochosa, a cascata oferece um cen\u00e1rio deslumbrante e \u00e9 um \u00f3timo local para caminhadas e piqueniques.<\/p>\n<p>[\/et_pb_text][\/et_pb_column][\/et_pb_row][et_pb_row column_structure=&#8221;2_3,1_3&#8243; _builder_version=&#8221;4.25.1&#8243; use_background_color_gradient=&#8221;on&#8221; background_color_gradient_stops=&#8221;#ffffff 0%|#f7f7f7 100%&#8221; background_color_gradient_start=&#8221;#ffffff&#8221; background_color_gradient_end=&#8221;#f7f7f7&#8243; custom_margin=&#8221;||40px|&#8221; custom_padding=&#8221;27px|0px|0|0px|false|false&#8221; global_colors_info=&#8221;{}&#8221;][et_pb_column type=&#8221;2_3&#8243; _builder_version=&#8221;4.25.1&#8243; custom_padding=&#8221;|||&#8221; global_colors_info=&#8221;{}&#8221; custom_padding__hover=&#8221;|||&#8221;][et_pb_image src=&#8221;http:\/\/eiradohotel.pt\/wp-content\/uploads\/2024\/06\/mata-albergaria.jpg&#8221; alt=&#8221;Mata da Albergaria&#8221; title_text=&#8221;Mata da Albergaria&#8221; show_in_lightbox=&#8221;on&#8221; use_overlay=&#8221;on&#8221; overlay_icon_color=&#8221;#c10f1b&#8221; hover_overlay_color=&#8221;rgba(0,0,0,0.3)&#8221; align_tablet=&#8221;center&#8221; align_phone=&#8221;center&#8221; align_last_edited=&#8221;on|desktop&#8221; _builder_version=&#8221;4.25.1&#8243; width=&#8221;81%&#8221; custom_margin=&#8221;||0px|&#8221; global_colors_info=&#8221;{}&#8221;][\/et_pb_image][\/et_pb_column][et_pb_column type=&#8221;1_3&#8243; _builder_version=&#8221;4.16&#8243; custom_padding=&#8221;|||&#8221; global_colors_info=&#8221;{}&#8221; custom_padding__hover=&#8221;|||&#8221;][et_pb_text ul_type=&#8221;square&#8221; admin_label=&#8221;Title&#8221; _builder_version=&#8221;4.25.1&#8243; text_font=&#8221;Open Sans||||||||&#8221; text_font_size=&#8221;16px&#8221; text_letter_spacing=&#8221;3px&#8221; text_line_height=&#8221;2em&#8221; ul_font=&#8221;||||||||&#8221; header_font=&#8221;||||||||&#8221; header_3_font=&#8221;Teko|500|||||||&#8221; header_3_font_size=&#8221;26px&#8221; header_3_line_height=&#8221;1.2em&#8221; header_4_font=&#8221;||||||||&#8221; width=&#8221;100%&#8221; custom_margin=&#8221;|-178px|0px|||&#8221; custom_padding=&#8221;|0px||||&#8221; locked=&#8221;off&#8221; global_colors_info=&#8221;{}&#8221;]<\/p>\n<p style=\"text-align: justify;\">Esta reserva natural \u00e9 um dos pontos mais emblem\u00e1ticos do parque, com uma biodiversidade incr\u00edvel e trilhos que atravessam florestas antigas.<br \/>\u00c9 um local perfeito para observar a fauna e flora aut\u00f3ctones, sendo um destino<br \/>imperd\u00edvel para os amantes da natureza.<\/p>\n<p>[\/et_pb_text][\/et_pb_column][\/et_pb_row][et_pb_row column_structure=&#8221;2_3,1_3&#8243; _builder_version=&#8221;4.25.1&#8243; use_background_color_gradient=&#8221;on&#8221; background_color_gradient_stops=&#8221;#ffffff 0%|#f7f7f7 100%&#8221; background_color_gradient_start=&#8221;#ffffff&#8221; background_color_gradient_end=&#8221;#f7f7f7&#8243; custom_margin=&#8221;||40px|&#8221; custom_padding=&#8221;27px|0px|0|0px|false|false&#8221; global_colors_info=&#8221;{}&#8221;][et_pb_column type=&#8221;2_3&#8243; _builder_version=&#8221;4.25.1&#8243; custom_padding=&#8221;|||&#8221; global_colors_info=&#8221;{}&#8221; custom_padding__hover=&#8221;|||&#8221;][et_pb_image src=&#8221;http:\/\/eiradohotel.pt\/wp-content\/uploads\/2024\/06\/aldeia-de-lindoso-1.jpg&#8221; alt=&#8221;Lindoso e o seu Castelo&#8221; title_text=&#8221;Lindoso e o seu Castelo&#8221; show_in_lightbox=&#8221;on&#8221; use_overlay=&#8221;on&#8221; overlay_icon_color=&#8221;#c10f1b&#8221; hover_overlay_color=&#8221;rgba(0,0,0,0.3)&#8221; align_tablet=&#8221;center&#8221; align_phone=&#8221;center&#8221; align_last_edited=&#8221;on|desktop&#8221; _builder_version=&#8221;4.25.1&#8243; width=&#8221;81%&#8221; custom_margin=&#8221;||0px|&#8221; global_colors_info=&#8221;{}&#8221;][\/et_pb_image][\/et_pb_column][et_pb_column type=&#8221;1_3&#8243; _builder_version=&#8221;4.16&#8243; custom_padding=&#8221;|||&#8221; global_colors_info=&#8221;{}&#8221; custom_padding__hover=&#8221;|||&#8221;][et_pb_text ul_type=&#8221;square&#8221; admin_label=&#8221;Title&#8221; _builder_version=&#8221;4.25.1&#8243; text_font=&#8221;Open Sans||||||||&#8221; text_font_size=&#8221;16px&#8221; text_letter_spacing=&#8221;3px&#8221; text_line_height=&#8221;2em&#8221; ul_font=&#8221;||||||||&#8221; header_font=&#8221;||||||||&#8221; header_3_font=&#8221;Teko|500|||||||&#8221; header_3_font_size=&#8221;26px&#8221; header_3_line_height=&#8221;1.2em&#8221; header_4_font=&#8221;||||||||&#8221; width=&#8221;100%&#8221; custom_margin=&#8221;|-178px|0px|||&#8221; custom_padding=&#8221;|0px||||&#8221; locked=&#8221;off&#8221; global_colors_info=&#8221;{}&#8221;]<\/p>\n<p style=\"text-align: justify;\">A aldeia de Lindoso \u00e9 conhecida pelo seu castelo medieval e pelos espigueiros tradicionais que rodeiam a \u00e1rea. O castelo oferece vistas panor\u00e2micas sobre o vale e o rio Lima, proporcionando uma viagem no tempo\u00a0 e uma imers\u00e3o na hist\u00f3ria local.<\/p>\n<p>[\/et_pb_text][\/et_pb_column][\/et_pb_row][et_pb_row column_structure=&#8221;2_3,1_3&#8243; _builder_version=&#8221;4.25.1&#8243; use_background_color_gradient=&#8221;on&#8221; background_color_gradient_stops=&#8221;#ffffff 0%|#f7f7f7 100%&#8221; background_color_gradient_start=&#8221;#ffffff&#8221; background_color_gradient_end=&#8221;#f7f7f7&#8243; custom_margin=&#8221;||40px|&#8221; custom_padding=&#8221;27px|0px|0|0px|false|false&#8221; global_colors_info=&#8221;{}&#8221;][et_pb_column type=&#8221;2_3&#8243; _builder_version=&#8221;4.25.1&#8243; custom_padding=&#8221;|||&#8221; global_colors_info=&#8221;{}&#8221; custom_padding__hover=&#8221;|||&#8221;][et_pb_image src=&#8221;http:\/\/eiradohotel.pt\/wp-content\/uploads\/2024\/06\/vilarinho-das-furnas-1.jpg&#8221; alt=&#8221;Vilarinho das Furnas&#8221; title_text=&#8221;Vilarinho das Furnas&#8221; show_in_lightbox=&#8221;on&#8221; use_overlay=&#8221;on&#8221; overlay_icon_color=&#8221;#c10f1b&#8221; hover_overlay_color=&#8221;rgba(0,0,0,0.3)&#8221; align_tablet=&#8221;center&#8221; align_phone=&#8221;center&#8221; align_last_edited=&#8221;on|desktop&#8221; _builder_version=&#8221;4.25.1&#8243; width=&#8221;81%&#8221; custom_margin=&#8221;||0px|&#8221; global_colors_info=&#8221;{}&#8221;][\/et_pb_image][\/et_pb_column][et_pb_column type=&#8221;1_3&#8243; _builder_version=&#8221;4.16&#8243; custom_padding=&#8221;|||&#8221; global_colors_info=&#8221;{}&#8221; custom_padding__hover=&#8221;|||&#8221;][et_pb_text ul_type=&#8221;square&#8221; admin_label=&#8221;Title&#8221; _builder_version=&#8221;4.25.1&#8243; text_font=&#8221;Open Sans||||||||&#8221; text_font_size=&#8221;16px&#8221; text_letter_spacing=&#8221;3px&#8221; text_line_height=&#8221;2em&#8221; ul_font=&#8221;||||||||&#8221; header_font=&#8221;||||||||&#8221; header_3_font=&#8221;Teko|500|||||||&#8221; header_3_font_size=&#8221;26px&#8221; header_3_line_height=&#8221;1.2em&#8221; header_4_font=&#8221;||||||||&#8221; width=&#8221;100%&#8221; custom_margin=&#8221;|-178px|0px|||&#8221; custom_padding=&#8221;|0px||||&#8221; locked=&#8221;off&#8221; global_colors_info=&#8221;{}&#8221;]<\/p>\n<p style=\"text-align: justify;\">Vilarinho das Furnas \u00e9 uma antiga aldeia submersa pelas \u00e1guas da barragem com o mesmo nome. Durante os per\u00edodos de seca, as ru\u00ednas da aldeia tornam-se vis\u00edveis, oferecendo um espet\u00e1culo \u00fanico e uma oportunidade para explorar a hist\u00f3ria e a cultura da regi\u00e3o.<\/p>\n<p>[\/et_pb_text][\/et_pb_column][\/et_pb_row][et_pb_row column_structure=&#8221;2_3,1_3&#8243; _builder_version=&#8221;4.25.1&#8243; use_background_color_gradient=&#8221;on&#8221; background_color_gradient_stops=&#8221;#ffffff 0%|#f7f7f7 100%&#8221; background_color_gradient_start=&#8221;#ffffff&#8221; background_color_gradient_end=&#8221;#f7f7f7&#8243; custom_margin=&#8221;||40px|&#8221; custom_padding=&#8221;27px|0px|0|0px|false|false&#8221; global_colors_info=&#8221;{}&#8221;][et_pb_column type=&#8221;2_3&#8243; _builder_version=&#8221;4.25.1&#8243; custom_padding=&#8221;|||&#8221; global_colors_info=&#8221;{}&#8221; custom_padding__hover=&#8221;|||&#8221;][et_pb_image src=&#8221;http:\/\/eiradohotel.pt\/wp-content\/uploads\/2024\/06\/pedra-bela.jpg&#8221; alt=&#8221;Miradouro da Pedra Bela&#8221; title_text=&#8221;Miradouro da Pedra Bela&#8221; show_in_lightbox=&#8221;on&#8221; use_overlay=&#8221;on&#8221; overlay_icon_color=&#8221;#c10f1b&#8221; hover_overlay_color=&#8221;rgba(0,0,0,0.3)&#8221; align_tablet=&#8221;center&#8221; align_phone=&#8221;center&#8221; align_last_edited=&#8221;on|desktop&#8221; _builder_version=&#8221;4.25.1&#8243; width=&#8221;81%&#8221; custom_margin=&#8221;||0px|&#8221; global_colors_info=&#8221;{}&#8221;][\/et_pb_image][\/et_pb_column][et_pb_column type=&#8221;1_3&#8243; _builder_version=&#8221;4.16&#8243; custom_padding=&#8221;|||&#8221; global_colors_info=&#8221;{}&#8221; custom_padding__hover=&#8221;|||&#8221;][et_pb_text ul_type=&#8221;square&#8221; admin_label=&#8221;Title&#8221; _builder_version=&#8221;4.25.1&#8243; text_font=&#8221;Open Sans||||||||&#8221; text_font_size=&#8221;16px&#8221; text_letter_spacing=&#8221;3px&#8221; text_line_height=&#8221;2em&#8221; ul_font=&#8221;||||||||&#8221; header_font=&#8221;||||||||&#8221; header_3_font=&#8221;Teko|500|||||||&#8221; header_3_font_size=&#8221;26px&#8221; header_3_line_height=&#8221;1.2em&#8221; header_4_font=&#8221;||||||||&#8221; width=&#8221;100%&#8221; custom_margin=&#8221;|-178px|0px|||&#8221; custom_padding=&#8221;|0px||||&#8221; locked=&#8221;off&#8221; global_colors_info=&#8221;{}&#8221;]<\/p>\n<p style=\"text-align: justify;\">Este miradouro oferece uma vista panor\u00e2mica espetacular sobre o Parque Nacional Peneda-Ger\u00eas. \u00c9 um ponto de visita obrigat\u00f3rio para quem deseja capturar a beleza natural do parque e desfrutar de vistas de cortar a respira\u00e7\u00e3o.<\/p>\n<p>[\/et_pb_text][\/et_pb_column][\/et_pb_row][\/et_pb_section][et_pb_section fb_built=&#8221;1&#8243; make_equal=&#8221;on&#8221; use_custom_gutter=&#8221;on&#8221; gutter_width=&#8221;1&#8243; specialty=&#8221;on&#8221; next_background_color=&#8221;#ffffff&#8221; background_color_1=&#8221;RGBA(224,153,0,0.52)&#8221; background_color_2=&#8221;#E09900&#8243; padding_top_1=&#8221;150px&#8221; padding_top_2=&#8221;150px&#8221; padding_right_1=&#8221;60px&#8221; padding_right_2=&#8221;10%&#8221; padding_bottom_1=&#8221;150px&#8221; padding_bottom_2=&#8221;150px&#8221; padding_left_1=&#8221;10%&#8221; padding_left_2=&#8221;60px&#8221; padding_top_bottom_link_1=&#8221;true&#8221; padding_top_bottom_link_2=&#8221;true&#8221; padding_1_tablet=&#8221;|0%||0%||true&#8221; padding_2_tablet=&#8221;40px|10%|100px|10%||true&#8221; padding_1_phone=&#8221;&#8221; padding_2_phone=&#8221;&#8221; padding_1_last_edited=&#8221;on|desktop&#8221; padding_2_last_edited=&#8221;on|desktop&#8221; module_class=&#8221; et_pb_specialty_fullwidth&#8221; _builder_version=&#8221;4.25.1&#8243; use_background_color_gradient=&#8221;on&#8221; background_color_gradient_stops=&#8221;rgba(24,30,36,0.9) 0%|rgba(213,26,39,0.69) 100%&#8221; background_color_gradient_overlays_image=&#8221;on&#8221; background_color_gradient_start=&#8221;rgba(24,30,36,0.9)&#8221; background_color_gradient_end=&#8221;rgba(213,26,39,0.69)&#8221; background_image=&#8221;http:\/\/eiradohotel.pt\/wp-content\/uploads\/2024\/06\/DSC03354-scaled.jpg&#8221; inner_width=&#8221;100%&#8221; inner_width_tablet=&#8221;100%&#8221; inner_width_phone=&#8221;100%&#8221; inner_width_last_edited=&#8221;on|desktop&#8221; inner_max_width=&#8221;100%&#8221; inner_max_width_tablet=&#8221;100%&#8221; inner_max_width_phone=&#8221;100%&#8221; inner_max_width_last_edited=&#8221;on|desktop&#8221; custom_padding=&#8221;0px||0px||true&#8221; bottom_divider_style=&#8221;arrow&#8221; bottom_divider_arrangement=&#8221;above_content&#8221; animation_style=&#8221;slide&#8221; animation_direction=&#8221;bottom&#8221; animation_intensity_slide=&#8221;4%&#8221; animation_starting_opacity=&#8221;100%&#8221; box_shadow_style=&#8221;preset7&#8243; box_shadow_horizontal=&#8221;0px&#8221; box_shadow_vertical=&#8221;80px&#8221; box_shadow_color=&#8221;#ffffff&#8221; make_fullwidth=&#8221;on&#8221; saved_tabs=&#8221;all&#8221; locked=&#8221;off&#8221; global_colors_info=&#8221;{}&#8221;][et_pb_column type=&#8221;1_2&#8243; specialty_columns=&#8221;2&#8243; _builder_version=&#8221;4.16&#8243; custom_padding=&#8221;|||&#8221; global_colors_info=&#8221;{}&#8221; padding_tablet=&#8221;|0%||0%||true&#8221; padding_last_edited=&#8221;on|desktop&#8221; custom_padding__hover=&#8221;|||&#8221; padding_phone=&#8221;|0%||0%||true&#8221;][et_pb_row_inner _builder_version=&#8221;4.16&#8243; custom_padding=&#8221;0|0px|0|0px|true|false&#8221; global_colors_info=&#8221;{}&#8221;][et_pb_column_inner saved_specialty_column_type=&#8221;1_2&#8243; _builder_version=&#8221;4.16&#8243; custom_padding=&#8221;|||&#8221; global_colors_info=&#8221;{}&#8221; custom_padding__hover=&#8221;|||&#8221;][et_pb_text admin_label=&#8221;Get In Touch Title&#8221; _builder_version=&#8221;4.16&#8243; text_font=&#8221;Lato||||||||&#8221; text_font_size=&#8221;22px&#8221; text_line_height=&#8221;1.8em&#8221; header_font=&#8221;||||||||&#8221; header_2_font=&#8221;Teko||||||||&#8221; header_2_font_size=&#8221;96px&#8221; background_layout=&#8221;dark&#8221; custom_margin=&#8221;|||&#8221; header_2_font_size_tablet=&#8221;66px&#8221; header_2_font_size_phone=&#8221;36px&#8221; header_2_font_size_last_edited=&#8221;on|phone&#8221; locked=&#8221;off&#8221; global_colors_info=&#8221;{}&#8221;]<\/p>\n<h2>Contacte-nos<\/h2>\n<p>[\/et_pb_text][et_pb_text admin_label=&#8221;Phone&#8221; _builder_version=&#8221;4.25.1&#8243; text_font=&#8221;Teko|500|||||||&#8221; text_font_size=&#8221;40px&#8221; text_line_height=&#8221;2em&#8221; background_layout=&#8221;dark&#8221; custom_margin=&#8221;|||&#8221; hover_enabled=&#8221;0&#8243; locked=&#8221;off&#8221; global_colors_info=&#8221;{}&#8221; sticky_enabled=&#8221;0&#8243;]<\/p>\n<p><span>(+351) 938 049 802<\/span><\/p>\n<h6><span>(Custo da chamada para rede m\u00f3vel nacional)\u00a0<\/span><\/h6>\n<p>[\/et_pb_text][\/et_pb_column_inner][\/et_pb_row_inner][et_pb_row_inner column_structure=&#8221;1_2,1_2&#8243; use_custom_gutter=&#8221;on&#8221; gutter_width=&#8221;2&#8243; _builder_version=&#8221;4.16&#8243; global_colors_info=&#8221;{}&#8221;][et_pb_column_inner type=&#8221;1_2&#8243; saved_specialty_column_type=&#8221;1_2&#8243; _builder_version=&#8221;4.16&#8243; custom_padding=&#8221;|||&#8221; global_colors_info=&#8221;{}&#8221; custom_padding__hover=&#8221;|||&#8221;][et_pb_text admin_label=&#8221;Address Title&#8221; _builder_version=&#8221;4.25.1&#8243; text_font=&#8221;Lato||||||||&#8221; text_font_size=&#8221;18px&#8221; text_line_height=&#8221;1.8em&#8221; header_font=&#8221;||||||||&#8221; header_4_font=&#8221;Teko|500|||||||&#8221; header_4_font_size=&#8221;22px&#8221; background_layout=&#8221;dark&#8221; custom_margin=&#8221;|||&#8221; locked=&#8221;off&#8221; global_colors_info=&#8221;{}&#8221;]<\/p>\n<h4>Localiza\u00e7\u00e3o<\/h4>\n<p><span>Av. Afonso Manuel 626, 4720-249 Caldelas\u00a0<\/span><\/p>\n<p>[\/et_pb_text][et_pb_text admin_label=&#8221;Address Title&#8221; _builder_version=&#8221;4.25.1&#8243; text_font=&#8221;Lato||||||||&#8221; text_font_size=&#8221;18px&#8221; text_line_height=&#8221;1.8em&#8221; header_font=&#8221;||||||||&#8221; header_4_font=&#8221;Teko|500|||||||&#8221; header_4_font_size=&#8221;22px&#8221; background_layout=&#8221;dark&#8221; custom_margin=&#8221;|||&#8221; locked=&#8221;off&#8221; global_colors_info=&#8221;{}&#8221;]<\/p>\n<h4>Email<\/h4>\n<p>welcome@quantique.pt<\/p>\n<p>[\/et_pb_text][\/et_pb_column_inner][et_pb_column_inner type=&#8221;1_2&#8243; saved_specialty_column_type=&#8221;1_2&#8243; _builder_version=&#8221;4.16&#8243; custom_padding=&#8221;|||&#8221; global_colors_info=&#8221;{}&#8221; custom_padding__hover=&#8221;|||&#8221;][\/et_pb_column_inner][\/et_pb_row_inner][\/et_pb_column][et_pb_column type=&#8221;1_2&#8243; _builder_version=&#8221;4.16&#8243; background_color=&#8221;#c10f1b&#8221; custom_padding=&#8221;|||&#8221; global_colors_info=&#8221;{}&#8221; padding_tablet=&#8221;40px|10%|100px|10%||true&#8221; padding_last_edited=&#8221;on|desktop&#8221; custom_padding__hover=&#8221;|||&#8221; padding_phone=&#8221;40px|10%|100px|10%||true&#8221;][et_pb_contact_form captcha=&#8221;off&#8221; email=&#8221;welcome@quantique.pt &#8221; title=&#8221;Envie email&#8221; submit_button_text=&#8221;Enviar&#8221; module_id=&#8221;et_pb_contact_form_0&#8243; _builder_version=&#8221;4.25.1&#8243; form_field_background_color=&#8221;rgba(0,0,0,0.15)&#8221; form_field_text_color=&#8221;#ffffff&#8221; title_font=&#8221;Teko||||||||&#8221; title_text_color=&#8221;#ffffff&#8221; title_font_size=&#8221;40px&#8221; title_line_height=&#8221;1.2em&#8221; form_field_font=&#8221;Lato||||||||&#8221; form_field_font_size=&#8221;16px&#8221; custom_button=&#8221;on&#8221; button_text_color=&#8221;#E09900&#8243; button_bg_color=&#8221;#ffffff&#8221; button_border_width=&#8221;8px&#8221; button_border_color=&#8221;#ffffff&#8221; button_border_radius=&#8221;0px&#8221; button_letter_spacing=&#8221;4px&#8221; button_font=&#8221;Teko|||on|||||&#8221; button_icon=&#8221;&#x24;||divi||400&#8243; form_background_color=&#8221;rgba(0,0,0,0.15)&#8221; locked=&#8221;off&#8221; global_colors_info=&#8221;{}&#8221;][et_pb_contact_field field_id=&#8221;Nome&#8221; field_title=&#8221;Nome&#8221; fullwidth_field=&#8221;on&#8221; _builder_version=&#8221;4.25.1&#8243; global_colors_info=&#8221;{}&#8221; button_text_size__hover_enabled=&#8221;off&#8221; button_one_text_size__hover_enabled=&#8221;off&#8221; button_two_text_size__hover_enabled=&#8221;off&#8221; button_text_color__hover_enabled=&#8221;off&#8221; button_one_text_color__hover_enabled=&#8221;off&#8221; button_two_text_color__hover_enabled=&#8221;off&#8221; button_border_width__hover_enabled=&#8221;off&#8221; button_one_border_width__hover_enabled=&#8221;off&#8221; button_two_border_width__hover_enabled=&#8221;off&#8221; button_border_color__hover_enabled=&#8221;off&#8221; button_one_border_color__hover_enabled=&#8221;off&#8221; button_two_border_color__hover_enabled=&#8221;off&#8221; button_border_radius__hover_enabled=&#8221;off&#8221; button_one_border_radius__hover_enabled=&#8221;off&#8221; button_two_border_radius__hover_enabled=&#8221;off&#8221; button_letter_spacing__hover_enabled=&#8221;off&#8221; button_one_letter_spacing__hover_enabled=&#8221;off&#8221; button_two_letter_spacing__hover_enabled=&#8221;off&#8221; button_bg_color__hover_enabled=&#8221;off&#8221; button_one_bg_color__hover_enabled=&#8221;off&#8221; button_two_bg_color__hover_enabled=&#8221;off&#8221;][\/et_pb_contact_field][et_pb_contact_field field_id=&#8221;Email&#8221; field_title=&#8221;Email &#8221; field_type=&#8221;email&#8221; fullwidth_field=&#8221;on&#8221; _builder_version=&#8221;4.25.1&#8243; global_colors_info=&#8221;{}&#8221; button_text_size__hover_enabled=&#8221;off&#8221; button_one_text_size__hover_enabled=&#8221;off&#8221; button_two_text_size__hover_enabled=&#8221;off&#8221; button_text_color__hover_enabled=&#8221;off&#8221; button_one_text_color__hover_enabled=&#8221;off&#8221; button_two_text_color__hover_enabled=&#8221;off&#8221; button_border_width__hover_enabled=&#8221;off&#8221; button_one_border_width__hover_enabled=&#8221;off&#8221; button_two_border_width__hover_enabled=&#8221;off&#8221; button_border_color__hover_enabled=&#8221;off&#8221; button_one_border_color__hover_enabled=&#8221;off&#8221; button_two_border_color__hover_enabled=&#8221;off&#8221; button_border_radius__hover_enabled=&#8221;off&#8221; button_one_border_radius__hover_enabled=&#8221;off&#8221; button_two_border_radius__hover_enabled=&#8221;off&#8221; button_letter_spacing__hover_enabled=&#8221;off&#8221; button_one_letter_spacing__hover_enabled=&#8221;off&#8221; button_two_letter_spacing__hover_enabled=&#8221;off&#8221; button_bg_color__hover_enabled=&#8221;off&#8221; button_one_bg_color__hover_enabled=&#8221;off&#8221; button_two_bg_color__hover_enabled=&#8221;off&#8221;][\/et_pb_contact_field][et_pb_contact_field field_id=&#8221;Message&#8221; field_title=&#8221;Messagem&#8221; field_type=&#8221;text&#8221; fullwidth_field=&#8221;on&#8221; _builder_version=&#8221;4.25.1&#8243; global_colors_info=&#8221;{}&#8221; button_text_size__hover_enabled=&#8221;off&#8221; button_one_text_size__hover_enabled=&#8221;off&#8221; button_two_text_size__hover_enabled=&#8221;off&#8221; button_text_color__hover_enabled=&#8221;off&#8221; button_one_text_color__hover_enabled=&#8221;off&#8221; button_two_text_color__hover_enabled=&#8221;off&#8221; button_border_width__hover_enabled=&#8221;off&#8221; button_one_border_width__hover_enabled=&#8221;off&#8221; button_two_border_width__hover_enabled=&#8221;off&#8221; button_border_color__hover_enabled=&#8221;off&#8221; button_one_border_color__hover_enabled=&#8221;off&#8221; button_two_border_color__hover_enabled=&#8221;off&#8221; button_border_radius__hover_enabled=&#8221;off&#8221; button_one_border_radius__hover_enabled=&#8221;off&#8221; button_two_border_radius__hover_enabled=&#8221;off&#8221; button_letter_spacing__hover_enabled=&#8221;off&#8221; button_one_letter_spacing__hover_enabled=&#8221;off&#8221; button_two_letter_spacing__hover_enabled=&#8221;off&#8221; button_bg_color__hover_enabled=&#8221;off&#8221; button_one_bg_color__hover_enabled=&#8221;off&#8221; button_two_bg_color__hover_enabled=&#8221;off&#8221;][\/et_pb_contact_field][\/et_pb_contact_form][\/et_pb_column][\/et_pb_section]<\/p>\n","protected":false},"excerpt":{"rendered":"<p>Para visitarExplore as maravilhas que rodeiam o Eirado Hotel em Amares e o Parque Nacional Peneda-Ger\u00eas. Descubra a hist\u00f3ria no Mosteiro de Santo Andr\u00e9 de Rendufe e no Santu\u00e1rio da Nossa Senhora da Abadia. Relaxe nas Termas de Caldelas e aventure-se na beleza natural do Ger\u00eas com a Cascata do Arado, Mata da Albergaria, e [&hellip;]<\/p>\n","protected":false},"author":1,"featured_media":0,"parent":0,"menu_order":0,"comment_status":"closed","ping_status":"closed","template":"","meta":{"_et_pb_use_builder":"on","_et_pb_old_content":"","_et_gb_content_width":"","om_disable_all_campaigns":false,"_monsterinsights_skip_tracking":false,"_monsterinsights_sitenote_active":false,"_monsterinsights_sitenote_note":"","_monsterinsights_sitenote_category":0,"footnotes":""},"class_list":["post-336","page","type-page","status-publish","hentry"],"aioseo_notices":[],"_links":{"self":[{"href":"https:\/\/eiradohotel.pt\/index.php?rest_route=\/wp\/v2\/pages\/336","targetHints":{"allow":["GET"]}}],"collection":[{"href":"https:\/\/eiradohotel.pt\/index.php?rest_route=\/wp\/v2\/pages"}],"about":[{"href":"https:\/\/eiradohotel.pt\/index.php?rest_route=\/wp\/v2\/types\/page"}],"author":[{"embeddable":true,"href":"https:\/\/eiradohotel.pt\/index.php?rest_route=\/wp\/v2\/users\/1"}],"replies":[{"embeddable":true,"href":"https:\/\/eiradohotel.pt\/index.php?rest_route=%2Fwp%2Fv2%2Fcomments&post=336"}],"version-history":[{"count":12,"href":"https:\/\/eiradohotel.pt\/index.php?rest_route=\/wp\/v2\/pages\/336\/revisions"}],"predecessor-version":[{"id":436,"href":"https:\/\/eiradohotel.pt\/index.php?rest_route=\/wp\/v2\/pages\/336\/revisions\/436"}],"wp:attachment":[{"href":"https:\/\/eiradohotel.pt\/index.php?rest_route=%2Fwp%2Fv2%2Fmedia&parent=336"}],"curies":[{"name":"wp","href":"https:\/\/api.w.org\/{rel}","templated":true}]}}